{"id":521,"date":"2022-07-19T17:34:52","date_gmt":"2022-07-19T15:34:52","guid":{"rendered":"https:\/\/www.leboncampingcar.com\/?page_id=521"},"modified":"2022-07-21T09:34:09","modified_gmt":"2022-07-21T07:34:09","slug":"mentions-legales","status":"publish","type":"page","link":"https:\/\/www.leboncampingcar.com\/index.php\/mentions-legales\/","title":{"rendered":"Mentions l\u00e9gales"},"content":{"rendered":"<p>[et_pb_section fb_built=\u00a0\u00bb1&Prime; _builder_version=\u00a0\u00bb4.17.4&Prime; background_image=\u00a0\u00bbhttps:\/\/www.leboncampingcar.com\/wp-content\/uploads\/2021\/07\/white-van-with-table-and-chairs-next-to-it-scaled.jpg\u00a0\u00bb custom_padding=\u00a0\u00bb69px|0px|0px|0px||\u00a0\u00bb global_colors_info=\u00a0\u00bb{}\u00a0\u00bb][et_pb_row _builder_version=\u00a0\u00bb4.16&Prime; background_size=\u00a0\u00bbinitial\u00a0\u00bb background_position=\u00a0\u00bbtop_left\u00a0\u00bb background_repeat=\u00a0\u00bbrepeat\u00a0\u00bb min_height=\u00a0\u00bb239px\u00a0\u00bb custom_margin=\u00a0\u00bb|||\u00a0\u00bb custom_padding=\u00a0\u00bb||0px|||\u00a0\u00bb global_colors_info=\u00a0\u00bb{}\u00a0\u00bb][et_pb_column type=\u00a0\u00bb4_4&Prime; _builder_version=\u00a0\u00bb4.16&Prime; custom_padding=\u00a0\u00bb|||\u00a0\u00bb global_colors_info=\u00a0\u00bb{}\u00a0\u00bb custom_padding__hover=\u00a0\u00bb|||\u00a0\u00bb][et_pb_text _builder_version=\u00a0\u00bb4.17.4&Prime; _module_preset=\u00a0\u00bbdefault\u00a0\u00bb text_text_color=\u00a0\u00bb#FFFFFF\u00a0\u00bb text_font_size=\u00a0\u00bb72px\u00a0\u00bb text_orientation=\u00a0\u00bbcenter\u00a0\u00bb background_layout=\u00a0\u00bbdark\u00a0\u00bb text_text_shadow_style=\u00a0\u00bbpreset3&Prime; global_colors_info=\u00a0\u00bb{}\u00a0\u00bb]<\/p>\n<p>Mentions l\u00e9gales<\/p>\n<p>[\/et_pb_text][\/et_pb_column][\/et_pb_row][\/et_pb_section][et_pb_section fb_built=\u00a0\u00bb1&Prime; admin_label=\u00a0\u00bbContact Form\u00a0\u00bb _builder_version=\u00a0\u00bb4.16&Prime; custom_padding=\u00a0\u00bb54px||90px|\u00a0\u00bb global_colors_info=\u00a0\u00bb{}\u00a0\u00bb][et_pb_row _builder_version=\u00a0\u00bb4.17.4&Prime; _module_preset=\u00a0\u00bbdefault\u00a0\u00bb global_colors_info=\u00a0\u00bb{}\u00a0\u00bb][et_pb_column type=\u00a0\u00bb4_4&Prime; _builder_version=\u00a0\u00bb4.17.4&Prime; _module_preset=\u00a0\u00bbdefault\u00a0\u00bb global_colors_info=\u00a0\u00bb{}\u00a0\u00bb][et_pb_text _builder_version=\u00a0\u00bb4.17.4&Prime; _module_preset=\u00a0\u00bbdefault\u00a0\u00bb hover_enabled=\u00a0\u00bb0&Prime; global_colors_info=\u00a0\u00bb{}\u00a0\u00bb sticky_enabled=\u00a0\u00bb0&Prime;]<\/p>\n<h2><strong><span>Mentions l\u00e9gales<\/span><\/strong><\/h2>\n<h4><span><strong><\/strong><\/span><\/h4>\n<h4><span><strong>Cr\u00e9ation du site internet<\/strong><\/span><\/h4>\n<p>Ce site internet a \u00e9t\u00e9 r\u00e9alis\u00e9 par l&rsquo;agence OHLALA COMMUNICATION\u00a0en utilisant la solution CMS de WORDPRESS\u00ae.<\/p>\n<p>&nbsp;<\/p>\n<h4><strong><span>H\u00e9bergement<\/span><\/strong><\/h4>\n<p>Le site internet www.leboncampingcar.com est h\u00e9berg\u00e9 par la soci\u00e9t\u00e9 OVH dont le si\u00e8ge social est situ\u00e9 \u00e0 ROUBAIX (59100), 140 Quai du Sartel.<\/p>\n<p><a class=\"btn btn-default\" href=\"http:\/\/www.ovh.com\/fr\/index.xml\">Visiter le site officiel OVH<\/a><\/p>\n<p>&nbsp;<\/p>\n<h4><span><strong>Responsable de la publication<\/strong><\/span><\/h4>\n<p>Le site ainsi que l&rsquo;int\u00e9gralit\u00e9 de son contenu est sous la responsabilit\u00e9 \u00e9ditoriale de Mme St\u00e9phanie DUMORTIER, Le Bon Camping Car.<\/p>\n<p>&nbsp;<\/p>\n<h4><span><strong>\u00c0 propos de l&rsquo;\u00e9diteur<\/strong><\/span><\/h4>\n<p>Le Bon Camping Car &#8211; 2 rue de France &#8211; 34820 TEYRAN<\/p>\n<p>RCS Montpellier 902 370 766<\/p>\n<p>T\u00e9l\u00e9phone : 07 49 69 10 03<\/p>\n<p>&nbsp;<\/p>\n<h4><span><strong>Cr\u00e9dits photo<\/strong><\/span><\/h4>\n<p>\u00a9 James Thew &#8211; Fotolia.com, \u00a9 Deyan Georgiev &#8211; Fotolia.com,\u00a0\u00a9 nito &#8211; Fotolia.com,\u00a0\u00a9 Stefano Neri &#8211; Fotolia.com,\u00a0\u00a9 Le Bon Camping Car<\/p>\n<p>&nbsp;<\/p>\n<h4><span><strong>G\u00e9olocalisation par adresse IP<\/strong><\/span><\/h4>\n<p>Lorsque vous utilisez le site internet www.leboncampingcar.com, des donn\u00e9es de localisation sont collect\u00e9es afin de pouvoir identifier votre position g\u00e9ographique et d\u00e9terminer la possibilit\u00e9, pour l&rsquo;utilisateur, d&rsquo;acheter ou non sur la boutique www.leboncampingcar.com. Ces donn\u00e9es sont strictement confidentielles et ne sont utilis\u00e9es que par la soci\u00e9t\u00e9 Le Bon Camping Car.<\/p>\n<p>&nbsp;<\/p>\n<h4><span><strong>Protection des donn\u00e9es personnelles<\/strong><\/span><\/h4>\n<p class=\"p1\">La collecte de vos donn\u00e9es nominatives nous est n\u00e9cessaire \u00e0 la prise en compte de votre demande. En nous indiquant votre e-mail, vous recevrez une confirmation de votre commande, mais aussi des informations sur nos offres promotionnelles, ainsi que sur les \u00e9v\u00e9nements via Internet.<\/p>\n<p class=\"p1\">Conform\u00e9ment \u00e0 la loi Informatique et Libert\u00e9s du 6 janvier 1978, vous disposez d&rsquo;un droit d&rsquo;acc\u00e8s, de modification, de rectification et de suppression des donn\u00e9es personnelles vous concernant. Si vous souhaitez exercer ce droit, il vous suffit de nous \u00e9crire \u00e0 Le Bon Camping Car, 2 rue de France, 34820 TEYRAN en indiquant votre nom, pr\u00e9nom, adresse et si possible votre num\u00e9ro de client.<\/p>\n<h4><span><strong>Licence d&rsquo;acc\u00e8s au site<\/strong><\/span><\/h4>\n<p class=\"p1\">Ce Site ou toute partie de ce Site ne doit en aucun cas \u00eatre reproduit, copi\u00e9, vendu ou exploit\u00e9 pour des raisons commerciales sans notre autorisation. Vous ne devez pas utiliser des techniques permettant de copier une marque, un logo ou toute autre information (notamment images, texte, maquettes) dont Nous sommes propri\u00e9taires sansnotre accord express et \u00e9crit. Vous ne devez pas utiliser les meta tags ou tout autre texte \u00abcach\u00e9 \u00bb contenant notre nom, notre marque ou celui des soci\u00e9t\u00e9s de notre groupe sans notre accord express et \u00e9crit. Toute utilisation non autoris\u00e9e mettra fin \u00e0 la licence que Nous Vous avons accord\u00e9e et fera l&rsquo;objet de poursuites.<\/p>\n<p class=\"p1\">Toute utilisation dans votre lien de notre logo, de notre marque ou de nos graphismes n\u00e9cessite notre autorisation expresse et \u00e9crite. Toute utilisation ou reproduction frauduleuse de ce site \u00e9tant interdite.<\/p>\n<p>[\/et_pb_text][\/et_pb_column][\/et_pb_row][\/et_pb_section]<\/p>\n","protected":false},"excerpt":{"rendered":"<p>Mentions l\u00e9galesMentions l\u00e9gales Cr\u00e9ation du site internet Ce site internet a \u00e9t\u00e9 r\u00e9alis\u00e9 par l&rsquo;agence OHLALA COMMUNICATION\u00a0en utilisant la solution CMS de WORDPRESS\u00ae. &nbsp; H\u00e9bergement Le site internet www.leboncampingcar.com est h\u00e9berg\u00e9 par la soci\u00e9t\u00e9 OVH dont le si\u00e8ge social est situ\u00e9 \u00e0 ROUBAIX (59100), 140 Quai du Sartel. Visiter le site officiel OVH &nbsp; Responsable [&hellip;]<\/p>\n","protected":false},"author":1,"featured_media":0,"parent":0,"menu_order":0,"comment_status":"closed","ping_status":"closed","template":"","meta":{"_et_pb_use_builder":"on","_et_pb_old_content":"","_et_gb_content_width":"","footnotes":""},"class_list":["post-521","page","type-page","status-publish","hentry"],"_links":{"self":[{"href":"https:\/\/www.leboncampingcar.com\/index.php\/wp-json\/wp\/v2\/pages\/521","targetHints":{"allow":["GET"]}}],"collection":[{"href":"https:\/\/www.leboncampingcar.com\/index.php\/wp-json\/wp\/v2\/pages"}],"about":[{"href":"https:\/\/www.leboncampingcar.com\/index.php\/wp-json\/wp\/v2\/types\/page"}],"author":[{"embeddable":true,"href":"https:\/\/www.leboncampingcar.com\/index.php\/wp-json\/wp\/v2\/users\/1"}],"replies":[{"embeddable":true,"href":"https:\/\/www.leboncampingcar.com\/index.php\/wp-json\/wp\/v2\/comments?post=521"}],"version-history":[{"count":5,"href":"https:\/\/www.leboncampingcar.com\/index.php\/wp-json\/wp\/v2\/pages\/521\/revisions"}],"predecessor-version":[{"id":536,"href":"https:\/\/www.leboncampingcar.com\/index.php\/wp-json\/wp\/v2\/pages\/521\/revisions\/536"}],"wp:attachment":[{"href":"https:\/\/www.leboncampingcar.com\/index.php\/wp-json\/wp\/v2\/media?parent=521"}],"curies":[{"name":"wp","href":"https:\/\/api.w.org\/{rel}","templated":true}]}}